{"id":118,"date":"2017-05-30T15:33:25","date_gmt":"2017-05-30T19:33:25","guid":{"rendered":"http:\/\/sindicato2schindler.cl\/sitio\/?page_id=118"},"modified":"2017-05-30T15:39:56","modified_gmt":"2017-05-30T19:39:56","slug":"resena-historica","status":"publish","type":"page","link":"https:\/\/sindicato2schindler.cl\/sitio\/resena-historica\/","title":{"rendered":"Rese\u00f1a Hist\u00f3rica"},"content":{"rendered":"<p style=\"text-align: center;\"><img loading=\"lazy\" decoding=\"async\" class=\"alignnone  wp-image-125\" src=\"http:\/\/sindicato2schindler.cl\/sitio\/wp-content\/uploads\/2017\/05\/logo-horizontal-blanco.png\" alt=\"\" width=\"602\" height=\"121\" srcset=\"https:\/\/sindicato2schindler.cl\/sitio\/wp-content\/uploads\/2017\/05\/logo-horizontal-blanco.png 900w, https:\/\/sindicato2schindler.cl\/sitio\/wp-content\/uploads\/2017\/05\/logo-horizontal-blanco-300x60.png 300w, https:\/\/sindicato2schindler.cl\/sitio\/wp-content\/uploads\/2017\/05\/logo-horizontal-blanco-768x154.png 768w\" sizes=\"auto, (max-width: 602px) 100vw, 602px\" \/><\/p>\n<p style=\"text-align: right;\">Santiago, 30 Mayo 2017<\/p>\n<p style=\"text-align: justify;\">Rese\u00f1a Hist\u00f3rica Sindicato N\u00b02<\/p>\n<p style=\"text-align: justify;\">Hace ya 37 a\u00f1os un <strong>18 de Noviembre de 1980<\/strong>, esta organizaci\u00f3n se form\u00f3 de la mano de los antiguos dirigentes de Sindicato \u00danico.<\/p>\n<p style=\"text-align: justify;\">Fue en un local de calle Mac-Iver, en donde se convocaron y eligi\u00f3 a nuestra primera directiva conformada por <strong>Ricardo Abdala Moll<\/strong>, trabajador de taller; <strong>Guillermo Klocner Alfaro<\/strong>, trabajador de montaje y <strong>Miguel Covarrubias Saavedra<\/strong> trabajador de mantenci\u00f3n (Actualmente con 44 a\u00f1os en Schindler).<\/p>\n<p style=\"text-align: justify;\">Eran un grupo de j\u00f3venes sin experiencia en sindicatos, pero con la intenci\u00f3n de la generaci\u00f3n anterior de dirigentes sindicales agrupados en SUMA, a\u00fan con la problem\u00e1tica de la dictadura militar.<\/p>\n<p style=\"text-align: justify;\">Pasaron muchos a\u00f1os y fue un arduo trabajo, se logr\u00f3 fundar en el a\u00f1o 1994 <strong>FENATRASA<\/strong>, <strong>Federaci\u00f3n Nacional de Trabajadores de ascensores y afines<\/strong>.<\/p>\n<p style=\"text-align: justify;\">Los Campeonatos de Baby, pe\u00f1as folcl\u00f3ricas, negociaciones colectivas, circulaci\u00f3n del bolet\u00edn <strong>\u201cEL IMPULSOR\u201d<\/strong>, primera jornada de prevenci\u00f3n de accidentes en 1995, participaci\u00f3n activa en la normativa para el sector de ascensores con el <strong>INN<\/strong>, la huelga del a\u00f1o 1991 en conjunto con OTIS, hechos que fortalecieron el movimiento sindical de los trabajadores de ascensores.<\/p>\n<p style=\"text-align: justify;\">Tambi\u00e9n existe en la memoria colectiva recuerdos amargos, accidentes fatales que enlutaban al rubro en el primer trimestre de 1995, fallecen tres trabajadores desempe\u00f1ando sus funciones (1 Schindler, 1 Atlas y 1 Subcontratista) adem\u00e1s de tres v\u00edctimas fatales m\u00e1s a nivel nacional.<\/p>\n<p style=\"text-align: justify;\">Como recordar ese esp\u00edritu familiar que exist\u00eda en <strong>Harnecker<\/strong>, que desde el a\u00f1o 1915 estuvo a cargo de esta c\u00e1lida familia, lo que se reflej\u00f3 en la carta enviada en el a\u00f1o 1989 por <strong>Do\u00f1a In\u00e9s Harnecker<\/strong> donde menciono los siguientes p\u00e1rrafos:<\/p>\n<p style=\"text-align: justify;\"><em>\u201cQuiero agradecer en nombre de mi familia y familiares a quien represento, la colaboraci\u00f3n prestada por tantos a\u00f1os. Es el trabajo de ustedes el que ha hecho a esta empresa prestigiosa y s\u00f3lida\u201d<\/em><\/p>\n<p style=\"text-align: justify;\">Extracto Carta enviada por MIGUEL COVARRUBIAS 2015.<\/p>\n<p style=\"text-align: justify;\">En la actualidad este sindicato est\u00e1 formado y fortalecido por m\u00e1s de 250 socios con presencia mayoritaria en Santiago, adem\u00e1s la importante representaci\u00f3n en regiones a nivel nacional tales como: Arica, Iquique, Calama, Antofagasta, Copiap\u00f3, La Serena, Vi\u00f1a del Mar, Rancagua, Talca, Linares, Chillan, Concepci\u00f3n, Los Angeles, Temuco, Valdivia, Villarrica, Osorno, Puerto Montt, lo que nos hace el Sindicato m\u00e1s importante de Ascensores Schindler (Chile).<\/p>\n<p style=\"text-align: justify;\">Con una importante trayectoria y trabajo desarrollado por las antiguos dirigentes , la fiel participaci\u00f3n de nuestros asociados plasmados en importantes negociaciones o acuerdos y beneficios sindicales, es cierto que falta mucho por mejorar, pero con la uni\u00f3n que siempre ha caracterizado a esta organizaci\u00f3n se lograran mejoras continuas, ya sea por la actual o futuras directivas, ya sean beneficios para todos nosotros a para las futuras generaciones, tal como nosotros heredamos el trabajo de los antiguos dirigentes y socios .<\/p>\n<p style=\"text-align: justify;\">Solo cabe destacar la importancia de cada uno de ustedes, socios de esta organizaci\u00f3n y parte importante de esta empresa, como bien lo se\u00f1alo Do\u00f1a In\u00e9s en los a\u00f1os \u00b480.<\/p>\n<p style=\"text-align: justify;\">Saludos.<\/p>\n<p style=\"text-align: justify;\">JUAN PE\u00d1A URIBE<br \/>\nPresidente.<\/p>\n","protected":false},"excerpt":{"rendered":"<p>Santiago, 30 Mayo 2017 Rese\u00f1a Hist\u00f3rica Sindicato N\u00b02 Hace ya 37 a\u00f1os un 18 de Noviembre de 1980, esta organizaci\u00f3n se form\u00f3 de la mano de los antiguos dirigentes de Sindicato \u00danico. Fue en un local de calle Mac-Iver, en&hellip; <\/p>\n","protected":false},"author":4,"featured_media":0,"parent":0,"menu_order":0,"comment_status":"closed","ping_status":"closed","template":"","meta":{"footnotes":""},"class_list":["post-118","page","type-page","status-publish","hentry"],"_links":{"self":[{"href":"https:\/\/sindicato2schindler.cl\/sitio\/wp-json\/wp\/v2\/pages\/118","targetHints":{"allow":["GET"]}}],"collection":[{"href":"https:\/\/sindicato2schindler.cl\/sitio\/wp-json\/wp\/v2\/pages"}],"about":[{"href":"https:\/\/sindicato2schindler.cl\/sitio\/wp-json\/wp\/v2\/types\/page"}],"author":[{"embeddable":true,"href":"https:\/\/sindicato2schindler.cl\/sitio\/wp-json\/wp\/v2\/users\/4"}],"replies":[{"embeddable":true,"href":"https:\/\/sindicato2schindler.cl\/sitio\/wp-json\/wp\/v2\/comments?post=118"}],"version-history":[{"count":5,"href":"https:\/\/sindicato2schindler.cl\/sitio\/wp-json\/wp\/v2\/pages\/118\/revisions"}],"predecessor-version":[{"id":126,"href":"https:\/\/sindicato2schindler.cl\/sitio\/wp-json\/wp\/v2\/pages\/118\/revisions\/126"}],"wp:attachment":[{"href":"https:\/\/sindicato2schindler.cl\/sitio\/wp-json\/wp\/v2\/media?parent=118"}],"curies":[{"name":"wp","href":"https:\/\/api.w.org\/{rel}","templated":true}]}}